{"id":521,"date":"2023-11-03T21:36:58","date_gmt":"2023-11-04T03:36:58","guid":{"rendered":"https:\/\/corporativogdc.com\/aviso-privacidad\/"},"modified":"2024-01-03T09:50:25","modified_gmt":"2024-01-03T15:50:25","slug":"notice-of-privacy","status":"publish","type":"page","link":"https:\/\/corporativogdc.com\/en\/notice-of-privacy\/","title":{"rendered":"Notice of Privacy"},"content":{"rendered":"\n<section class=\"wp-block-agctexdomain-wrapper-agcblocks alignwide paddingTopBottom50 paddingTopBottomTablet50 paddingTopBottomMobile50 paddingLeftRight0 paddingLeftRightTablet0 paddingLeftRightMobile0 backgroundNoRepeat backgroundCover alturaDefault\"><div class=\"container\"><div class=\"wrapper-inner-blocks\">\n<section class=\"wp-block-agctexdomain-columnas-agcblocks alignwide columnas col-1 col-1-a paddingTopBottom0 paddingTopBottomTablet0 paddingTopBottomMobile0 alturaDefault\"><div class=\"container\">\n<div class=\"wp-block-agctexdomain-columna-agcblocks Columna ag-animation css-animacionNone alineacion-vertical-top\" data-ag-animation=\"animacionNone\" style=\"text-align:left\"><div class=\"ColumnaContent paddingTopBottom0 paddingTopBottomTablet0 paddingTopBottomMobile0 paddingLeftRight20 paddingLeftRightTablet20 paddingLeftRightMobile20\">\n<h1 class=\"wp-block-heading\">Aviso de Privacidad<\/h1>\n\n\n\n<p>La empresa <strong>Gonzalez de Castilla S.C<\/strong> (en lo sucesivo denominada como \u201cLa Empresa\u201d) con direcci\u00f3n en la calle Bosque de Ciruelos 190-505 Col. Bosques de las Lomas, Delegaci\u00f3n Miguel Hidalgo C.P. 11700, D.F., con R.F.C. GCA750226983, es responsable de los datos personales que recaba por s\u00ed mismo y en respeto al derecho de privacidad y a la autodeterminaci\u00f3n informativa de las personas en cumplimiento con lo dispuesto en la Ley de Protecci\u00f3n de Datos Personales en Posesi\u00f3n de Particulares (en lo sucesivo denominada como \u201cLa Ley\u201d) y su reglamento, atendiendo los principios de licitud, consentimiento, informaci\u00f3n, calidad, finalidad, lealtad, proporcionalidad y responsabilidad.<\/p>\n\n\n\n<h4 class=\"wp-block-heading\">MEDIOS DISPONIBLES DE COMUNICACION<\/h4>\n\n\n\n<p>La empresa <strong>Gonzalez de Castilla S.C<\/strong> ha nombrado al Ejecutivo de Administraci\u00f3n y al Coordinador de Calidad y RH encargados, y al Gerente como Responsable de la protecci\u00f3n de Datos Personales, que bajo su control ha de cumplirse y hacer cumplir en el interior de la organizaci\u00f3n y sus subsidiarias la Ley Federal de Protecci\u00f3n de Datos Personales en Posesi\u00f3n de Particulares as\u00ed como su reglamento, para ello pone a la disposici\u00f3n de los titulares los siguientes datos de contacto mediante los cuales recibiremos cualquier solicitud para limitar el uso o divulgaci\u00f3n de sus datos personales, aclaraci\u00f3n o quejas.<\/p>\n\n\n\n<p><strong>Correo<\/strong><strong>electr\u00f3nico:<\/strong> derechosARCO@gdec.info<\/p>\n\n\n\n<p><strong>Domicilio:<\/strong> Bosque de Ciruelos 190-505 Col. Bosques de las Lomas, Delegaci\u00f3n Miguel Hidalgo C.P. 11700, D.F.<\/p>\n\n\n\n<p>Se establecen y mantienen para su tratamiento las medidas de seguridad administrativas, f\u00edsicas y t\u00e9cnicas que garantizan la calidad de los datos personales tomando en cuenta los riesgos existentes, las consecuencias para los titulares, la naturaleza del dato y el desarrollo tecnol\u00f3gico. Estas medidas no son menores a las utilizadas en la informaci\u00f3n de la organizaci\u00f3n.<\/p>\n\n\n\n<h4 class=\"wp-block-heading\">DATOS PERSONALES<\/h4>\n\n\n\n<p>La empresa <strong>Gonzalez de Castilla S.C<\/strong> recaba y da tratamiento a los siguientes datos personales de manera licita, siempre y cuando usted no manifieste objeci\u00f3n alguna en el momento que nos proporciona sus datos personales directamente o manifestar su oposici\u00f3n posterior en nuestros medios descritos en la secci\u00f3n anterior, con solo enviarnos en escrito libre que exprese su deseo de revocarnos en cualquier momento su consentimiento.<\/p>\n\n\n\n<p><strong>Datos Personales<\/strong><\/p>\n\n\n\n<ul class=\"is-style-ListCircle wp-block-list\">\n<li>Nombre de la compa\u00f1\u00eda<\/li>\n\n\n\n<li>Cedula Fiscal<\/li>\n\n\n\n<li>Domicilio<\/li>\n\n\n\n<li>Correo Electr\u00f3nico<\/li>\n\n\n\n<li>N\u00famero Telef\u00f3nico<\/li>\n\n\n\n<li>Firma Aut\u00f3grafa<\/li>\n\n\n\n<li>Direcci\u00f3n de correo Electr\u00f3nico.<\/li>\n\n\n\n<li>Copia de la Credencial del IFE<\/li>\n\n\n\n<li>N\u00famero de Cuenta Bancaria<\/li>\n\n\n\n<li>Poder del Representante Legal<\/li>\n\n\n\n<li>Acta constitutiva de la Empresa<\/li>\n<\/ul>\n\n\n\n<p>De acuerdo a los art\u00edculos 40, 41 y 42 del reglamento los anteriores datos personales ser\u00e1n utilizados para las siguientes finalidades necesarias para establecer la relaci\u00f3n jur\u00eddica con la organizaci\u00f3n.<\/p>\n\n\n\n<ul class=\"is-style-ListCircle wp-block-list\">\n<li>Actividades de administraci\u00f3n interna.<\/li>\n\n\n\n<li>Actividades comerciales y operativas.<\/li>\n\n\n\n<li>Administraci\u00f3n de clientes y servicios.<\/li>\n<\/ul>\n\n\n\n<p>As\u00ed mismo no se contemplan finalidades opcionales en el tratamiento de datos personales.<\/p>\n\n\n\n<h4 class=\"wp-block-heading\">TRANSFERENCIA<\/h4>\n\n\n\n<p>Los datos personales anteriormente descritos pueden ser trasferidos y tratados por los terceros abajo descritos. Todas las finalidades mencionadas est\u00e1n en los supuestos del art\u00edculo 37 de la Ley, por lo que no es necesario obtener el consentimiento para su transferencia:<\/p>\n\n\n\n<figure class=\"wp-block-table\"><table><thead><tr><th><strong>TERCERO<\/strong><\/th><th><strong>FINALIDAD<\/strong><\/th><\/tr><\/thead><tbody><tr><td>Bancos<\/td><td>Pago, dep\u00f3sito y prospecci\u00f3nzas comerciales<\/td><\/tr><tr><td>Dependencias Gubernamentales<\/td><td>Cumplimiento de legislaci\u00f3n aplicable<\/td><\/tr><tr><td>Aseguradoras<\/td><td>Tramite de seguros y garant\u00edas<\/td><\/tr><tr><td>Investigadores<\/td><td>Prospecci\u00f3n y recolecci\u00f3n de evidencia<\/td><\/tr><tr><td>Firmas de servicios profesionales<\/td><td>Auditoria, consultor\u00eda y soporte<\/td><\/tr><tr><td>Entidades certificadoras<\/td><td>Validaci\u00f3n en el cumplimiento de mejores practicas<\/td><\/tr><tr><td>Alianzas comerciales<\/td><td>Servicios y soporte<\/td><\/tr><\/tbody><\/table><\/figure>\n\n\n\n<p>Por los medios que se ponen a su disposici\u00f3n en el apartado \u201cMEDIOS DISPONIBLES DE COMUNICACI\u00d3N\u201d con gusto recibiremos su solicitud de negativa al tratamiento de sus datos personales. La informaci\u00f3n detallada del uso de los anteriores datos personales podr\u00e1 ser provista bajo petici\u00f3n del titular por los mecanismos para ejercer los derechos ARCO descrito m\u00e1s adelante en la secci\u00f3n del mismo nombre. La informaci\u00f3n detallada de las personas f\u00edsicas o morales a las cuales se les transfieren los datos personales podr\u00e1 ser provista bajo petici\u00f3n del titular en los mecanismos previstos para ejercer los derechos ARCO.<\/p>\n\n\n\n<h4 class=\"wp-block-heading\">PLAZOS DE CONSERVACION<\/h4>\n\n\n\n<p>La empresa <strong>Gonzalezde Castilla S.C<\/strong> proceder\u00e1 a cancelar y efectuar la supresi\u00f3n previo bloqueo de los datos personales una vez que cumplan con la finalidad que justifico su tratamiento. La cancelaci\u00f3n de datos personales no ser\u00e1 realizada cuando le sean aplicables los supuestos de los art\u00edculos 26 y 34 de la Ley.<\/p>\n\n\n\n<h4 class=\"wp-block-heading\">EJERCICIO DE LOS DERECHOS ARCO<\/h4>\n\n\n\n<p>Con gusto daremos cumplimiento a la solicitud que recibamos del titular o su representante legal por la cual requiera hacer uso de sus derechos al Acceso, Rectificaci\u00f3n, Cancelaci\u00f3n u Oposici\u00f3n de sus datos personales en posesi\u00f3n de <strong>Gonzalezde CastillaS.C<\/strong> Recibiremos la solicitud con la siguiente informaci\u00f3n en documento f\u00edsico o electr\u00f3nico utilizando los medios que ponemos a su disposici\u00f3n descritos en el apartado \u201cMEDIOS DISPONIBLES DE COMUNICACI\u00d3N\u201d en la parte superior de este aviso.<\/p>\n\n\n\n<ul class=\"is-style-ListCircle wp-block-list\">\n<li>Nombre y domicilio, as\u00ed como cualquier informaci\u00f3n complementaria que sirva para contactarle.<\/li>\n\n\n\n<li>Documentos que acrediten la identidad.<\/li>\n\n\n\n<li>Descripci\u00f3n concisa y clara que describa los derechos que se desean ejercer, as\u00ed como los datos personales involucrados.<\/li>\n\n\n\n<li>En el caso de solicitar rectificaci\u00f3n de datos personales, deber\u00e1 acompa\u00f1ar la documentaci\u00f3n que sustente la petici\u00f3n.<\/li>\n\n\n\n<li>Se\u00f1alar claramente datos de contacto del titular, siendo importante se\u00f1alar que en el supuesto de que sea necesario el env\u00edo de los documentos en f\u00edsico, los gastos generados correspondientes ser\u00e1n a cargo del titular solicitante.<\/li>\n<\/ul>\n\n\n\n<p>La respuesta a tu solicitud se te har\u00e1 llegar dentro de los plazos que marca la Ley siempre y cuando no se encuentren bajo los supuestos de excepci\u00f3n del art\u00edculo 26 de la Ley y 75 del reglamento.<\/p>\n\n\n\n<h4 class=\"wp-block-heading\">OPCIONES Y MEDIOS PARA LIMITAR EL USO O DIVULGACI\u00d3N DE LOS DATOS PERSONALES<\/h4>\n\n\n\n<p>Para limitar el uso o divulgaci\u00f3n de los datos personales que nos proporcion\u00f3 le sugerimos inscribirse en el registro p\u00fablico para evitar publicidad contactar a la (PROFECO) o el registro p\u00fablico de usuarios contactar (CONDUCEF).<\/p>\n\n\n\n<h4 class=\"wp-block-heading\">MECANISMOS DE MANIFESTACI\u00d3N NEGATIVA PARA ACTIVIDADES SECUNDARIAS<\/h4>\n\n\n\n<p>El titular tiene un plazo de 5 d\u00edas h\u00e1biles para que en caso de manifestar su negativa para el tratamiento o el aprovechamiento de sus datos personales para las actividades secundarias.<\/p>\n\n\n\n<h4 class=\"wp-block-heading\">DATOS PERSONALES SENSIBLES<\/h4>\n\n\n\n<p>No manejamos datos personales sensibles.<\/p>\n\n\n\n<h4 class=\"wp-block-heading\">USO DE COOKIES Y WEB BEACONS<\/h4>\n\n\n\n<p>No manejamos esta tecnolog\u00eda en nuestra p\u00e1gina web.<\/p>\n\n\n\n<h4 class=\"wp-block-heading\">REVOCACION DEL CONSENTIMIENTO<\/h4>\n\n\n\n<p>De acuerdo al art\u00edculo 21 del reglamento, en todo momento usted podr\u00e1 revocar el consentimiento que no ha otorgado para el tratamiento de sus datos personales, a fin de que dejemos de hacer uso y transferencia de los mismos mediante la utilizaci\u00f3n de los mecanismos provistos para ello en este documento.<\/p>\n\n\n\n<p>En caso de que no recibamos su negativa para otorgar su consentimiento se entender\u00e1 que tendremos el consentimiento para el tratamiento y la transferencia de datos.<\/p>\n\n\n\n<p>De igual manera en necesario que nos haga llegar su petici\u00f3n de revocaci\u00f3n por los medios mencionados en este aviso y que deber\u00e1 ir acompa\u00f1ada de la siguiente informaci\u00f3n:<\/p>\n\n\n\n<ul class=\"is-style-ListCircle wp-block-list\">\n<li>Nombre y domicilio, as\u00ed como cualquier informaci\u00f3n complementaria que sirva para contactarle.<\/li>\n\n\n\n<li>Documentos que acrediten la identidad.<\/li>\n\n\n\n<li>Datos respecto de los cuales espec\u00edficamente quiera revocar el consentimiento.<\/li>\n<\/ul>\n\n\n\n<h4 class=\"wp-block-heading\">MODIFICACIONES AL AVISO DE PRIVACIDAD<\/h4>\n\n\n\n<p>Nos reservamos el derecho de efectuar en cualquier momento modificaciones o actualizaciones al presente aviso de privacidad, para la atenci\u00f3n de novedades legislativas, pol\u00edticas internas o nuevos requerimientos para la prestaci\u00f3n u ofrecimiento de nuestros servicios o productos. Estas modificaciones estar\u00e1n disponibles al p\u00fablico a trav\u00e9s de los medios descritos en este documento en el apartado \u201cMEDIOS DISPONIBLES DE COMUNICACION\u201d.<\/p>\n\n\n\n<h4 class=\"wp-block-heading\">GLOSARIO<\/h4>\n\n\n\n<p><strong>Aviso de Privacidad: <\/strong>Documento f\u00edsico, electr\u00f3nico o en cualquier otro formato generado por el responsable que es puesto a disposici\u00f3n del titular, previo al tratamiento de sus datos personales, de conformidad con el art\u00edculo 15 de la presente Ley.<\/p>\n\n\n\n<p><strong>Bases de Datos:<\/strong> El conjunto ordenado de datos personales referentes a una persona identificada o identificable.<\/p>\n\n\n\n<p><strong>Bloqueo:<\/strong> La identificaci\u00f3n y conservaci\u00f3n de datos personales una vez cumplida la finalidad para la cual fueron recabadas, con el \u00fanico prop\u00f3sito de determinar posibles responsabilidades en relaci\u00f3n con su tratamiento, hasta el plazo de prescripci\u00f3n legal o contractual de estas. Durante dicho periodo, los datos personales no podr\u00e1n ser objeto de tratamiento y transcurrido este, se proceder\u00e1 a su cancelaci\u00f3n en la base de datos que corresponde.<\/p>\n\n\n\n<p><strong>Consentimiento:<\/strong> Manifestaci\u00f3n de la voluntad del titular de los datos mediante la cual se efect\u00faa el tratamiento de los mismos.<\/p>\n\n\n\n<p><strong>Datos Personales:<\/strong> Cualquier informaci\u00f3n concerniente a una persona f\u00edsica identificada o identificable.<\/p>\n\n\n\n<p><strong>Datos Personales Sensibles: <\/strong>Aquellos datos personales que afecten a la esfera m\u00e1s \u00edntima de su titular, o cuya utilizaci\u00f3n indebida puedan dar origen a discriminaci\u00f3n o conlleve un riesgo grave para este. En particular, se consideran sensibles aquellos que puedan revelar aspectos como origen racial o \u00e9tnico, estado de salud presente y futura, informaci\u00f3n gen\u00e9tica, creencias religiosas, filos\u00f3ficas y morales, afiliaci\u00f3n sindical, opiniones pol\u00edticas, preferencias sexuales.<\/p>\n\n\n\n<p><strong>Encargado:<\/strong> La persona f\u00edsica o jur\u00eddica que sola o conjuntamente con otras trate datos personales por cuenta del responsable.<\/p>\n\n\n\n<p><strong>Fuente de Acceso P\u00fablico:<\/strong> Aquellas bases de datos cuya consulta puede ser realizada por cualquier persona, sin m\u00e1s requisito que, en su caso, el pago de una contraprestaci\u00f3n, de conformidad con lo se\u00f1alado por el Reglamento de esta Ley.<\/p>\n\n\n\n<p><strong>Ley:<\/strong> Ley Federal de Protecci\u00f3n de Datos Personales en Posesi\u00f3n de Particulares.<\/p>\n\n\n\n<p><strong>Responsable:<\/strong> Persona f\u00edsica o moral, de car\u00e1cter privado que decide sobre el tratamiento de datos personales.<\/p>\n\n\n\n<p><strong>Tercero:<\/strong> Persona f\u00edsica o moral, nacional o extranjera, distinta del titular o del responsable de los datos.<\/p>\n\n\n\n<p><strong>Titular:<\/strong> La persona f\u00edsica a quien corresponden los datos personales.<\/p>\n\n\n\n<p><strong>Tratamiento:<\/strong> La obtenci\u00f3n, uso, divulgaci\u00f3n o almacenamiento de datos personales, por cualquier medio. El uso abarca cualquier acci\u00f3n de acceso, manejo, aprovechamiento, transferencia o disposici\u00f3n de datos personales.<\/p>\n\n\n\n<p><strong>Transferencia: <\/strong>Toda comunicaci\u00f3n de datos realizada a persona distinta del responsable o encargado del tratamiento.<\/p>\n<\/div> <\/div>\n<\/div> <div class=\"bg-forma bg-forma-display-none\"><\/div><\/section>\n<\/div><\/div> <div class=\"bg-forma\"><\/div><\/section>\n\n\n\n<div style=\"height:100px\" aria-hidden=\"true\" class=\"wp-block-spacer\"><\/div>\n","protected":false},"excerpt":{"rendered":"","protected":false},"author":1,"featured_media":0,"parent":0,"menu_order":0,"comment_status":"closed","ping_status":"open","template":"page-content.php","meta":{"_acf_changed":false,"footnotes":""},"class_list":["post-521","page","type-page","status-publish","hentry"],"acf":[],"_links":{"self":[{"href":"https:\/\/corporativogdc.com\/en\/wp-json\/wp\/v2\/pages\/521","targetHints":{"allow":["GET"]}}],"collection":[{"href":"https:\/\/corporativogdc.com\/en\/wp-json\/wp\/v2\/pages"}],"about":[{"href":"https:\/\/corporativogdc.com\/en\/wp-json\/wp\/v2\/types\/page"}],"author":[{"embeddable":true,"href":"https:\/\/corporativogdc.com\/en\/wp-json\/wp\/v2\/users\/1"}],"replies":[{"embeddable":true,"href":"https:\/\/corporativogdc.com\/en\/wp-json\/wp\/v2\/comments?post=521"}],"version-history":[{"count":1,"href":"https:\/\/corporativogdc.com\/en\/wp-json\/wp\/v2\/pages\/521\/revisions"}],"predecessor-version":[{"id":527,"href":"https:\/\/corporativogdc.com\/en\/wp-json\/wp\/v2\/pages\/521\/revisions\/527"}],"wp:attachment":[{"href":"https:\/\/corporativogdc.com\/en\/wp-json\/wp\/v2\/media?parent=521"}],"curies":[{"name":"wp","href":"https:\/\/api.w.org\/{rel}","templated":true}]}}